{"id":21725,"date":"2026-01-22T17:47:49","date_gmt":"2026-01-22T21:47:49","guid":{"rendered":"https:\/\/www.healthcoalition.ca\/rassemblement-pour-sauver-les-soins-de-sante-publics-sur-la-colline-du-parlement\/"},"modified":"2026-02-08T13:20:37","modified_gmt":"2026-02-08T17:20:37","slug":"rassemblement-pour-sauver-les-soins-de-sante-publics-sur-la-colline-du-parlement","status":"publish","type":"page","link":"https:\/\/www.healthcoalition.ca\/fr\/rassemblement-pour-sauver-les-soins-de-sante-publics-sur-la-colline-du-parlement\/","title":{"rendered":"Rassemblement pour sauver les soins de sant\u00e9 publics sur la colline du Parlement"},"content":{"rendered":"\n<h3 class=\"wp-block-heading\"><p><strong>Les soins de sant\u00e9 publics sont menac\u00e9s, nous devons nous lever et riposter !<\/strong><\/p><\/h3>\n\n\n\n<p>Joignez-vous \u00e0 la Coalition canadienne de la sant\u00e9 \u2013 une coalition de trois millions de travailleurs et de d\u00e9fenseurs des soins de sant\u00e9 \u2013 sur la colline du Parlement le mardi&nbsp;10&nbsp;f\u00e9vrier \u00e0 midi (heure de l\u2019Est) pour envoyer un message fort au gouvernement Carney&nbsp;: notre syst\u00e8me de soins de sant\u00e9 publics doit \u00eatre renforc\u00e9, et non d\u00e9mantel\u00e9, \u00e9largi et non r\u00e9duit.<\/p>\n\n\n\n<p>Nous nous rassemblerons sur la Colline du Parlement pour sauver les soins de sant\u00e9 publics face \u00e0 la l\u00e9gislation \u00e0 deux vitesses de l&#8217;Alberta qui menace de mettre fin au r\u00e9gime d&#8217;assurance maladie tel que nous le connaissons.<\/p>\n\n\n\n<p><a href=\"https:\/\/www.facebook.com\/events\/1254830019833408\/\" target=\"_blank\" rel=\"noreferrer noopener\">Rejoignez notre \u00e9v\u00e9nement Facebook<\/a> pour rester inform\u00e9 des d\u00e9tails du rassemblement et entrer en contact avec d\u2019autres participants.<\/p>\n\n\n\n<figure class=\"wp-block-image size-large\"><img loading=\"lazy\" decoding=\"async\" width=\"1024\" height=\"768\" src=\"https:\/\/www.healthcoalition.ca\/wp-content\/uploads\/2026\/01\/rally-save-public-health-care-biling-banner-1024x768.png\" alt=\"\" class=\"wp-image-21649\" srcset=\"https:\/\/www.healthcoalition.ca\/wp-content\/uploads\/2026\/01\/rally-save-public-health-care-biling-banner-1024x768.png 1024w, https:\/\/www.healthcoalition.ca\/wp-content\/uploads\/2026\/01\/rally-save-public-health-care-biling-banner-300x225.png 300w, https:\/\/www.healthcoalition.ca\/wp-content\/uploads\/2026\/01\/rally-save-public-health-care-biling-banner-768x576.png 768w, https:\/\/www.healthcoalition.ca\/wp-content\/uploads\/2026\/01\/rally-save-public-health-care-biling-banner.png 1200w\" sizes=\"auto, (max-width: 1024px) 100vw, 1024px\" \/><\/figure>\n\n\n\n<p>Intervenants : <\/p>\n\n\n\n<ul class=\"wp-block-list\">\n<li>Jason MacLean, pr\u00e9sident, Coalition canadienne de la sant\u00e9<\/li>\n\n\n\n<li>Siobhan Vipond, vice-pr\u00e9sidente ex\u00e9cutive, Congr\u00e8s du travail du Canada<\/li>\n\n\n\n<li>Linda Silas, pr\u00e9sidente, F\u00e9d\u00e9ration canadienne des syndicats d&#8217;infirmi\u00e8res et d&#8217;infirmiers (FCSI)<\/li>\n\n\n\n<li>Lana Payne, pr\u00e9sidente, Unifor<\/li>\n\n\n\n<li>Dre Melanie Bechard, pr\u00e9sidente, M\u00e9decins Canadiens pour l&#8217;assurance-maladie<\/li>\n\n\n\n<li>Fran\u00e7oise Ramel, Vice-President, F\u00e9d\u00e9ration interprofessionnelle de la sant\u00e9 du Qu\u00e9bec (FIQ)<\/li>\n\n\n\n<li>Bert Blundon, pr\u00e9sident, Syndicat national des employ\u00e9s g\u00e9n\u00e9raux et du secteur public (SNEPGA)<\/li>\n\n\n\n<li>Sarah Dubuc, agente de d\u00e9fense collective des droits, Ex aequo<\/li>\n\n\n\n<li>Sharon DeSousa, pr\u00e9sidente, Alliance de la fonction publique du Canada (AFPC)<\/li>\n\n\n\n<li>Alicia Carty, organisatrice, Justicia\/Justice pour les travailleurs migrants et Injured Workers Action for Justice<\/li>\n\n\n\n<li>Fr\u00e9derique Chabot, directrice g\u00e9n\u00e9rale, Action Canada pour la sant\u00e9 et les droits sexuels<\/li>\n\n\n\n<li>Nikolas Barry-Shaw, responsable de campagne sur le commerce et la privatisation, Conseil des Canadiens<\/li>\n\n\n\n<li>S\u00e9bastien Pitre, tr\u00e9sorier, Alliance du personnel professionnel et technique de la sant\u00e9 et des services sociaux (APTS)<\/li>\n\n\n\n<li>Pam Parks, infirmi\u00e8re autoris\u00e9e, pr\u00e9sidente, Syndicat canadien de la fonction publique (SCFP) section locale 6364<\/li>\n\n\n\n<li>JP Hornick, pr\u00e9sidence de Syndicat des employ\u00e9s de la fonction publique de l\u2019Ontario (SEFPO)<\/li>\n\n\n\n<li>Et plus encore !<\/li>\n<\/ul>\n\n\n\n<p>Le ma\u00eetre de c\u00e9r\u00e9monie est Alex Silas, vice-pr\u00e9sident de l&#8217;Alliance de la Fonction publique du Canada (AFPC).<\/p>\n\n\n\n<p>Habillez-vous chaudement pour affronter le froid.<\/p>\n\n\n\n<p>Le stationnement est g\u00e9n\u00e9ralement moins cher <a href=\"https:\/\/www.ottawaparking.preciseparklink.com\/city-hall-garage?locale=fr\" target=\"_blank\" rel=\"noreferrer noopener\">au garage de l&#8217;h\u00f4tel de ville d&#8217;Ottawa<\/a>, situ\u00e9 au 110, avenue Laurier Ouest.<\/p>\n\n\n\n<h3 class=\"wp-block-heading\">T\u00e9l\u00e9chargez et partagez ces images pour faire passer le message<\/h3>\n\n\n\n<figure class=\"wp-block-gallery has-nested-images columns-default is-cropped wp-block-gallery-1 is-layout-flex wp-block-gallery-is-layout-flex\">\n<figure class=\"wp-block-image size-large\"><img loading=\"lazy\" decoding=\"async\" width=\"819\" height=\"1024\" data-id=\"21738\" src=\"https:\/\/www.healthcoalition.ca\/wp-content\/uploads\/2026\/01\/FR-ACTION-1-819x1024.png\" alt=\"\" class=\"wp-image-21738\" srcset=\"https:\/\/www.healthcoalition.ca\/wp-content\/uploads\/2026\/01\/FR-ACTION-1-819x1024.png 819w, https:\/\/www.healthcoalition.ca\/wp-content\/uploads\/2026\/01\/FR-ACTION-1-240x300.png 240w, https:\/\/www.healthcoalition.ca\/wp-content\/uploads\/2026\/01\/FR-ACTION-1-768x960.png 768w, https:\/\/www.healthcoalition.ca\/wp-content\/uploads\/2026\/01\/FR-ACTION-1.png 1080w\" sizes=\"auto, (max-width: 819px) 100vw, 819px\" \/><\/figure>\n\n\n\n<figure class=\"wp-block-image size-large\"><img loading=\"lazy\" decoding=\"async\" width=\"819\" height=\"1024\" data-id=\"21739\" src=\"https:\/\/www.healthcoalition.ca\/wp-content\/uploads\/2026\/01\/FR-ACTION-2-819x1024.png\" alt=\"\" class=\"wp-image-21739\" srcset=\"https:\/\/www.healthcoalition.ca\/wp-content\/uploads\/2026\/01\/FR-ACTION-2-819x1024.png 819w, https:\/\/www.healthcoalition.ca\/wp-content\/uploads\/2026\/01\/FR-ACTION-2-240x300.png 240w, https:\/\/www.healthcoalition.ca\/wp-content\/uploads\/2026\/01\/FR-ACTION-2-768x960.png 768w, https:\/\/www.healthcoalition.ca\/wp-content\/uploads\/2026\/01\/FR-ACTION-2.png 1080w\" sizes=\"auto, (max-width: 819px) 100vw, 819px\" \/><\/figure>\n<\/figure>\n\n\n\n<hr class=\"wp-block-separator has-alpha-channel-opacity\"\/>\n\n\n\n<p><strong>Pour aider\/rejoindre un covoiturage vers Ottawa le 10 f\u00e9vrier, veuillez contacter :<\/strong><\/p>\n\n\n\n<p>Toronto &#8211; Greater Toronto Health Coalition \u00e0 l&#8217;adresse greatertorontohc@gmail.com<\/p>\n\n\n\n<p>Renfrew &#8211; Ben \u00e0 l&#8217;adresse ben.treidlinger@gmail.com<\/p>\n\n\n\n<p>Kingston &#8211; Kingston Health Coalition \u00e0 l&#8217;adresse kingstonhealthcoalition@gmail.com<\/p>\n\n\n\n<hr class=\"wp-block-separator has-alpha-channel-opacity\"\/>\n\n\n\n<p>Pour plus d&#8217;informations, contactez Tracy \u00e0 l&#8217;adresse tglynn@healthcoalition.ca<\/p>\n\n\n\n<hr class=\"wp-block-separator has-alpha-channel-opacity\"\/>\n\n\n\n<p><\/p>\n\n\n\n<ul class=\"wp-block-social-links has-normal-icon-size has-visible-labels is-content-justification-center is-layout-flex wp-container-core-social-links-is-layout-16018d1d wp-block-social-links-is-layout-flex\"><li class=\"wp-social-link wp-social-link-facebook  wp-block-social-link\"><a rel=\"noopener nofollow\" target=\"_blank\" href=\"https:\/\/www.facebook.com\/CanadianHealthCoalition\" class=\"wp-block-social-link-anchor\"><svg width=\"24\" height=\"24\" viewBox=\"0 0 24 24\" version=\"1.1\" xmlns=\"http:\/\/www.w3.org\/2000\/svg\" aria-hidden=\"true\" focusable=\"false\"><path d=\"M12 2C6.5 2 2 6.5 2 12c0 5 3.7 9.1 8.4 9.9v-7H7.9V12h2.5V9.8c0-2.5 1.5-3.9 3.8-3.9 1.1 0 2.2.2 2.2.2v2.5h-1.3c-1.2 0-1.6.8-1.6 1.6V12h2.8l-.4 2.9h-2.3v7C18.3 21.1 22 17 22 12c0-5.5-4.5-10-10-10z\"><\/path><\/svg><span class=\"wp-block-social-link-label\">Facebook<\/span><\/a><\/li>\n\n<li class=\"wp-social-link wp-social-link-instagram  wp-block-social-link\"><a rel=\"noopener nofollow\" target=\"_blank\" href=\"https:\/\/www.instagram.com\/healthcoalition\/\" class=\"wp-block-social-link-anchor\"><svg width=\"24\" height=\"24\" viewBox=\"0 0 24 24\" version=\"1.1\" xmlns=\"http:\/\/www.w3.org\/2000\/svg\" aria-hidden=\"true\" focusable=\"false\"><path d=\"M12,4.622c2.403,0,2.688,0.009,3.637,0.052c0.877,0.04,1.354,0.187,1.671,0.31c0.42,0.163,0.72,0.358,1.035,0.673 c0.315,0.315,0.51,0.615,0.673,1.035c0.123,0.317,0.27,0.794,0.31,1.671c0.043,0.949,0.052,1.234,0.052,3.637 s-0.009,2.688-0.052,3.637c-0.04,0.877-0.187,1.354-0.31,1.671c-0.163,0.42-0.358,0.72-0.673,1.035 c-0.315,0.315-0.615,0.51-1.035,0.673c-0.317,0.123-0.794,0.27-1.671,0.31c-0.949,0.043-1.233,0.052-3.637,0.052 s-2.688-0.009-3.637-0.052c-0.877-0.04-1.354-0.187-1.671-0.31c-0.42-0.163-0.72-0.358-1.035-0.673 c-0.315-0.315-0.51-0.615-0.673-1.035c-0.123-0.317-0.27-0.794-0.31-1.671C4.631,14.688,4.622,14.403,4.622,12 s0.009-2.688,0.052-3.637c0.04-0.877,0.187-1.354,0.31-1.671c0.163-0.42,0.358-0.72,0.673-1.035 c0.315-0.315,0.615-0.51,1.035-0.673c0.317-0.123,0.794-0.27,1.671-0.31C9.312,4.631,9.597,4.622,12,4.622 M12,3 C9.556,3,9.249,3.01,8.289,3.054C7.331,3.098,6.677,3.25,6.105,3.472C5.513,3.702,5.011,4.01,4.511,4.511 c-0.5,0.5-0.808,1.002-1.038,1.594C3.25,6.677,3.098,7.331,3.054,8.289C3.01,9.249,3,9.556,3,12c0,2.444,0.01,2.751,0.054,3.711 c0.044,0.958,0.196,1.612,0.418,2.185c0.23,0.592,0.538,1.094,1.038,1.594c0.5,0.5,1.002,0.808,1.594,1.038 c0.572,0.222,1.227,0.375,2.185,0.418C9.249,20.99,9.556,21,12,21s2.751-0.01,3.711-0.054c0.958-0.044,1.612-0.196,2.185-0.418 c0.592-0.23,1.094-0.538,1.594-1.038c0.5-0.5,0.808-1.002,1.038-1.594c0.222-0.572,0.375-1.227,0.418-2.185 C20.99,14.751,21,14.444,21,12s-0.01-2.751-0.054-3.711c-0.044-0.958-0.196-1.612-0.418-2.185c-0.23-0.592-0.538-1.094-1.038-1.594 c-0.5-0.5-1.002-0.808-1.594-1.038c-0.572-0.222-1.227-0.375-2.185-0.418C14.751,3.01,14.444,3,12,3L12,3z M12,7.378 c-2.552,0-4.622,2.069-4.622,4.622S9.448,16.622,12,16.622s4.622-2.069,4.622-4.622S14.552,7.378,12,7.378z M12,15 c-1.657,0-3-1.343-3-3s1.343-3,3-3s3,1.343,3,3S13.657,15,12,15z M16.804,6.116c-0.596,0-1.08,0.484-1.08,1.08 s0.484,1.08,1.08,1.08c0.596,0,1.08-0.484,1.08-1.08S17.401,6.116,16.804,6.116z\"><\/path><\/svg><span class=\"wp-block-social-link-label\">Instagram<\/span><\/a><\/li>\n\n<li class=\"wp-social-link wp-social-link-tiktok  wp-block-social-link\"><a rel=\"noopener nofollow\" target=\"_blank\" href=\"https:\/\/www.tiktok.com\/@healthcoalition?lang=en\" class=\"wp-block-social-link-anchor\"><svg width=\"24\" height=\"24\" viewBox=\"0 0 32 32\" version=\"1.1\" xmlns=\"http:\/\/www.w3.org\/2000\/svg\" aria-hidden=\"true\" focusable=\"false\"><path d=\"M16.708 0.027c1.745-0.027 3.48-0.011 5.213-0.027 0.105 2.041 0.839 4.12 2.333 5.563 1.491 1.479 3.6 2.156 5.652 2.385v5.369c-1.923-0.063-3.855-0.463-5.6-1.291-0.76-0.344-1.468-0.787-2.161-1.24-0.009 3.896 0.016 7.787-0.025 11.667-0.104 1.864-0.719 3.719-1.803 5.255-1.744 2.557-4.771 4.224-7.88 4.276-1.907 0.109-3.812-0.411-5.437-1.369-2.693-1.588-4.588-4.495-4.864-7.615-0.032-0.667-0.043-1.333-0.016-1.984 0.24-2.537 1.495-4.964 3.443-6.615 2.208-1.923 5.301-2.839 8.197-2.297 0.027 1.975-0.052 3.948-0.052 5.923-1.323-0.428-2.869-0.308-4.025 0.495-0.844 0.547-1.485 1.385-1.819 2.333-0.276 0.676-0.197 1.427-0.181 2.145 0.317 2.188 2.421 4.027 4.667 3.828 1.489-0.016 2.916-0.88 3.692-2.145 0.251-0.443 0.532-0.896 0.547-1.417 0.131-2.385 0.079-4.76 0.095-7.145 0.011-5.375-0.016-10.735 0.025-16.093z\" \/><\/svg><span class=\"wp-block-social-link-label\">TikTok<\/span><\/a><\/li>\n\n<li class=\"wp-social-link wp-social-link-bluesky  wp-block-social-link\"><a rel=\"noopener nofollow\" target=\"_blank\" href=\"https:\/\/bsky.app\/profile\/cdnhealthcoalition.bsky.social\" class=\"wp-block-social-link-anchor\"><svg width=\"24\" height=\"24\" viewBox=\"0 0 24 24\" version=\"1.1\" xmlns=\"http:\/\/www.w3.org\/2000\/svg\" aria-hidden=\"true\" focusable=\"false\"><path d=\"M6.3,4.2c2.3,1.7,4.8,5.3,5.7,7.2.9-1.9,3.4-5.4,5.7-7.2,1.7-1.3,4.3-2.2,4.3.9s-.4,5.2-.6,5.9c-.7,2.6-3.3,3.2-5.6,2.8,4,.7,5.1,3,2.9,5.3-5,5.2-6.7-2.8-6.7-2.8,0,0-1.7,8-6.7,2.8-2.2-2.3-1.2-4.6,2.9-5.3-2.3.4-4.9-.3-5.6-2.8-.2-.7-.6-5.3-.6-5.9,0-3.1,2.7-2.1,4.3-.9h0Z\"><\/path><\/svg><span class=\"wp-block-social-link-label\">Bluesky<\/span><\/a><\/li>\n\n<li class=\"wp-social-link wp-social-link-x  wp-block-social-link\"><a rel=\"noopener nofollow\" target=\"_blank\" href=\"https:\/\/x.com\/HealthCoalition\" class=\"wp-block-social-link-anchor\"><svg width=\"24\" height=\"24\" viewBox=\"0 0 24 24\" version=\"1.1\" xmlns=\"http:\/\/www.w3.org\/2000\/svg\" aria-hidden=\"true\" focusable=\"false\"><path d=\"M13.982 10.622 20.54 3h-1.554l-5.693 6.618L8.745 3H3.5l6.876 10.007L3.5 21h1.554l6.012-6.989L15.868 21h5.245l-7.131-10.378Zm-2.128 2.474-.697-.997-5.543-7.93H8l4.474 6.4.697.996 5.815 8.318h-2.387l-4.745-6.787Z\" \/><\/svg><span class=\"wp-block-social-link-label\">X<\/span><\/a><\/li>\n\n<li class=\"wp-social-link wp-social-link-linkedin  wp-block-social-link\"><a rel=\"noopener nofollow\" target=\"_blank\" href=\"https:\/\/www.linkedin.com\/company\/canadian-health-coalition-coalition-canadienne-pour-la-sant%C3%A9\/posts\/?feedView=all\" class=\"wp-block-social-link-anchor\"><svg width=\"24\" height=\"24\" viewBox=\"0 0 24 24\" version=\"1.1\" xmlns=\"http:\/\/www.w3.org\/2000\/svg\" aria-hidden=\"true\" focusable=\"false\"><path d=\"M19.7,3H4.3C3.582,3,3,3.582,3,4.3v15.4C3,20.418,3.582,21,4.3,21h15.4c0.718,0,1.3-0.582,1.3-1.3V4.3 C21,3.582,20.418,3,19.7,3z M8.339,18.338H5.667v-8.59h2.672V18.338z M7.004,8.574c-0.857,0-1.549-0.694-1.549-1.548 c0-0.855,0.691-1.548,1.549-1.548c0.854,0,1.547,0.694,1.547,1.548C8.551,7.881,7.858,8.574,7.004,8.574z M18.339,18.338h-2.669 v-4.177c0-0.996-0.017-2.278-1.387-2.278c-1.389,0-1.601,1.086-1.601,2.206v4.249h-2.667v-8.59h2.559v1.174h0.037 c0.356-0.675,1.227-1.387,2.526-1.387c2.703,0,3.203,1.779,3.203,4.092V18.338z\"><\/path><\/svg><span class=\"wp-block-social-link-label\">LinkedIn<\/span><\/a><\/li><\/ul>\n","protected":false},"excerpt":{"rendered":"<p>Les soins de sant\u00e9 publics sont menac\u00e9s, nous devons nous lever et riposter ! Joignez-vous \u00e0 la Coalition canadienne de\u2026<\/p>\n","protected":false},"author":129,"featured_media":0,"parent":0,"menu_order":0,"comment_status":"closed","ping_status":"closed","template":"","meta":{"give_campaign_id":0,"footnotes":""},"class_list":["post-21725","page","type-page","status-publish","hentry"],"campaignId":"","_links":{"self":[{"href":"https:\/\/www.healthcoalition.ca\/fr\/wp-json\/wp\/v2\/pages\/21725","targetHints":{"allow":["GET"]}}],"collection":[{"href":"https:\/\/www.healthcoalition.ca\/fr\/wp-json\/wp\/v2\/pages"}],"about":[{"href":"https:\/\/www.healthcoalition.ca\/fr\/wp-json\/wp\/v2\/types\/page"}],"author":[{"embeddable":true,"href":"https:\/\/www.healthcoalition.ca\/fr\/wp-json\/wp\/v2\/users\/129"}],"replies":[{"embeddable":true,"href":"https:\/\/www.healthcoalition.ca\/fr\/wp-json\/wp\/v2\/comments?post=21725"}],"version-history":[{"count":19,"href":"https:\/\/www.healthcoalition.ca\/fr\/wp-json\/wp\/v2\/pages\/21725\/revisions"}],"predecessor-version":[{"id":21871,"href":"https:\/\/www.healthcoalition.ca\/fr\/wp-json\/wp\/v2\/pages\/21725\/revisions\/21871"}],"wp:attachment":[{"href":"https:\/\/www.healthcoalition.ca\/fr\/wp-json\/wp\/v2\/media?parent=21725"}],"curies":[{"name":"wp","href":"https:\/\/api.w.org\/{rel}","templated":true}]}}